{"id":226,"date":"2023-11-07T17:26:27","date_gmt":"2023-11-07T16:26:27","guid":{"rendered":"https:\/\/cidu.esteri.it\/?page_id=226"},"modified":"2023-11-27T12:23:51","modified_gmt":"2023-11-27T11:23:51","slug":"premio-cidu-per-i-diritti-umani-cidu-human-rights-award","status":"publish","type":"page","link":"https:\/\/cidu.esteri.it\/it\/attivita\/premio-cidu-per-i-diritti-umani-cidu-human-rights-award\/","title":{"rendered":"Premio CIDU"},"content":{"rendered":"<p style=\"text-align: justify;\">Il CIDU ha istituito nel 2020 il Premio CIDU per i Diritti Umani (<em>CIDU Human Rights Award<\/em>) ai fini di valorizzare, anche sotto il profilo della comunicazione mediatica, il diffuso impegno in tema di tutela e promozione dei diritti umani nel nostro Paese, in linea con le stesse competenze del CIDU.<\/p>\n<p style=\"text-align: justify;\">Il Premio \u00e8 destinato a diverse categorie di candidati tra istituzioni, associazioni ed individui con diversi profili di et\u00e0, genere e attivit\u00e0, che si siano particolarmente distinti in Italia per avere contribuito a diffondere una maggiore conoscenza dei vari aspetti inerenti i Diritti Umani nel nostro Paese.<\/p>\n<p style=\"text-align: justify;\">In linea con il ruolo del CIDU, il Premio si caratterizza per un approccio \u2018multidimensionale\u2019 che intende sottolineare la variet\u00e0 dei temi e degli interventi che riguardano la sfera dei Diritti Umani, garantendo anche un equilibrio di et\u00e0 e di genere tra i premiati.\u00a0 Essi vengono proposti e selezionati da parte di un apposito Comitato d\u2019Onore, a\u00a0 sua volta composto da diversi rappresentanti istituzionali, del mondo accademico e della societ\u00e0 civile, in grado di esprimere un ampio ventaglio di sensibilit\u00e0 ed esperienze in materia di Diritti Umani.<\/p>\n<p style=\"text-align: justify;\">Lo svolgimento della cerimonia di premiazione avviene in occasione della Giornata Mondiale per i Diritti Umani (10 dicembre).<\/p>\n<h3 style=\"text-align: justify;\"><strong>Premio CIDU &#8211; edizione 2020<\/strong><\/h3>\n<p style=\"text-align: justify;\">Il Comitato d&#8217;Onore del Premio, presieduto dall\u2019allora Vice Ministra per gli Affari Esteri e la Cooperazione Internazionale, On. Emanuela Claudia del Re, ha definito le seguenti assegnazioni.<\/p>\n<p style=\"text-align: justify;\">In rappresentanza delle\u00a0<strong>Istituzioni<\/strong>\u00a0\u00e8 stato premiato l\u2019Osservatorio per la Sicurezza Contro gli Atti Discriminatori della Polizia di Stato\u00a0e dell\u2019Arma dei Carabinieri\u00a0(<a href=\"https:\/\/www.interno.gov.it\/it\/ministero\/osservatori-commissioni-e-centri-coordinamento\/osservatorio-sicurezza-contro-atti-discriminatori-oscad\"><strong>OSCAD<\/strong><\/a>), che, proprio nel 2020, ha celebrato anche il suo primo decennale di attivit\u00e0.<\/p>\n<p style=\"text-align: justify;\">Tra le\u00a0<strong>Associazioni<\/strong>, \u00e8 stata premiata\u00a0<a href=\"http:\/\/www.greencrossitalia.org\/\"><strong>Green Cross Italia<\/strong><\/a>, anche alla luce delle sue attivit\u00e0 di formazione in materia di \u2018Ambiente e Diritti Umani\u2019.<\/p>\n<p style=\"text-align: justify;\">In merito ai 4 Premi dedicati a\u00a0<strong>Persone fisiche<\/strong>\u00a0con profili\u00a0di diverso genere e generazione, la scelta \u00e8 ricaduta su:<\/p>\n<ul style=\"text-align: justify;\">\n<li>Il Sig.\u00a0<a href=\"https:\/\/www.esteri.it\/it\/sala_stampa\/archivionotizie\/approfondimenti\/2020\/06\/ernesto-olivero\/\"><strong>Ernesto Olivero<\/strong><\/a>, fondatore e Presidente dell\u2019<strong><a href=\"https:\/\/www.sermig.org\/arsenali\/arsenale-della-pace.html\"><i>Arsenale della Pace di Torino<\/i><\/a><\/strong><\/li>\n<li>Suor\u00a0<a href=\"https:\/\/www.esteri.it\/it\/sala_stampa\/archivionotizie\/approfondimenti\/2020\/06\/eugenia-bonetti\/\"><strong>Eugenia Bonetti<\/strong><\/a>, fondatrice dell\u2019Associazione\u00a0<strong><a href=\"https:\/\/www.slavesnomore.it\/\">Slaves no More (Mai pi\u00f9 schiave)<\/a><\/strong><\/li>\n<li>Il \u2018<em>giovane candidato<\/em>\u2019\u00a0<a href=\"https:\/\/www.esteri.it\/it\/sala_stampa\/archivionotizie\/approfondimenti\/2020\/06\/nicolo-govoni\/\"><strong>Nicol\u00f2 Govoni<\/strong><\/a>\u00a0(<em>classe 1993<\/em>), in considerazione delle sue attivit\u00e0 di sensibilizzazione in tema di rifugiati e migranti;<\/li>\n<li>La \u2018<em>giovane candidata<\/em>\u2019\u00a0<a href=\"https:\/\/www.esteri.it\/it\/sala_stampa\/archivionotizie\/approfondimenti\/2020\/06\/valentina-tafuni\/\"><strong>Valentina Tafuni<\/strong><\/a>\u00a0(<em>classe 1992<\/em>), in ragione del suo impegno in tema di diritti umani delle persone con disabilit\u00e0.<\/li>\n<\/ul>\n<p style=\"text-align: justify;\">Infine, per la categoria <strong>Libert\u00e0 di stampa e informazione<\/strong>, il Premio \u00e8 stato attribuito al\u00a0<a href=\"https:\/\/nelloscavo.com\/chi-siamo\"><strong>Dott. Nello Scavo<\/strong><\/a> alla luce del suo impegno giornalistico in tema di diritti umani.<\/p>\n<p style=\"text-align: justify;\">In occasione della\u00a0Giornata Mondiale per i Diritti Umani (10 dicembre), il CIDU ha diffuso un <a href=\"https:\/\/www.youtube.com\/watch?v=Fv7huYuEdqA\">video<\/a> sulla\u00a0prima edizione del Premio.<\/p>\n<h3 style=\"text-align: justify;\"><strong>Premio CIDU &#8211; edizione 2021<\/strong><\/h3>\n<p style=\"text-align: justify;\">Il Comitato d&#8217;Onore del Premio, presieduto dall&#8217;allora Sottosegretario di Stato per gli Affari Esteri e la Cooperazione Internazionale, On. Benedetto Della Vedova, ha definito le seguenti assegnazioni.<\/p>\n<p style=\"text-align: justify;\">In rappresentanza delle\u00a0<strong>Istituzioni<\/strong>\u00a0\u00e8 stato premiato il\u00a0<a href=\"https:\/\/www.salute.gov.it\/portale\/lea\/dettaglioContenutiLea.jsp?lingua=italiano&amp;id=5073&amp;area=Lea&amp;menu=vuoto\"><strong>Servizio Sanitario Nazionale<\/strong><\/a>, in considerazione dello straordinario impegno al quale ha saputo fare fronte per tutelare il diritto alla salute a seguito dell\u2019emergenza Covid-19.<\/p>\n<p style=\"text-align: justify;\">Tra le\u00a0<strong>Associazioni<\/strong> \u00e8 stata premiata <a href=\"https:\/\/www.sciedipassione.com\/\"><strong>Scie di Passione<\/strong><\/a>, alla luce delle sue considerevoli ed innovative iniziative a favore delle persone con disabilit\u00e0.<\/p>\n<p style=\"text-align: justify;\">In merito ai 4 Premi dedicati a\u00a0<strong>Persone fisiche<\/strong>\u00a0con profili di diverso genere e generazione, la scelta \u00e8 ricaduta su:<\/p>\n<p style=\"text-align: justify;\">\u2022\u00a0\u00a0\u00a0\u00a0\u00a0\u00a0<a href=\"https:\/\/www.esteri.it\/it\/sala_stampa\/archivionotizie\/approfondimenti\/2021\/10\/dijana-pavlovic\/\"><strong>Dijana Pavlovic<\/strong><\/a>, in ragione del suo esemplare attivismo in materia di integrazione sociale;<\/p>\n<p style=\"text-align: justify;\">\u2022\u00a0\u00a0\u00a0\u00a0\u00a0\u00a0<a href=\"https:\/\/www.esteri.it\/it\/sala_stampa\/archivionotizie\/approfondimenti\/2021\/10\/don-palmiro-prisutto\/\"><strong>Don Palmiro Prisutto<\/strong><\/a>, in considerazione del suo tenace impegno in materia di tutela ambientale;<\/p>\n<p style=\"text-align: justify;\">\u2022\u00a0\u00a0\u00a0\u00a0\u00a0\u00a0<a href=\"https:\/\/www.esteri.it\/it\/sala_stampa\/archivionotizie\/approfondimenti\/2021\/10\/pietro-turano\/\"><strong>Pietro Turano<\/strong><\/a>\u00a0(classe 1996), in ragione del suo attivismo per i diritti delle persone LGTBI;<\/p>\n<p style=\"text-align: justify;\">\u2022\u00a0\u00a0\u00a0\u00a0\u00a0\u00a0<a href=\"https:\/\/www.esteri.it\/it\/sala_stampa\/archivionotizie\/approfondimenti\/2021\/10\/federica-gasbarro\/\"><strong>Federica Gasbarro<\/strong><\/a> (classe 1995), alla luce dell&#8217;impegno sulle questioni legate ai cambiamenti climatici.<\/p>\n<p style=\"text-align: justify;\">Per la categoria <strong>Libert\u00e0 di Stampa e Informazione<\/strong>, il Premio \u00e8 stato attribuito a\u00a0<a href=\"https:\/\/www.esteri.it\/it\/sala_stampa\/archivionotizie\/approfondimenti\/2021\/10\/luisa-betti-dakli\/\"><strong>Luisa Betti Dakli<\/strong><\/a>, per il suo alto e costante impegno giornalistico in tema di diritti umani, con particolare riferimento alle violazioni e le discriminazioni nei confronti delle donne e dei minori.<\/p>\n<p style=\"text-align: justify;\">Infine, \u00e8 stato assegnato un\u00a0<strong>Premio alla Memoria<\/strong>\u00a0alla figura di\u00a0<a href=\"https:\/\/www.esteri.it\/it\/sala_stampa\/archivionotizie\/approfondimenti\/2021\/10\/maria-immacolata-macioti\/\"><strong>Maria Immacolata Macioti<\/strong><\/a>, in considerazione del suo storico contributo in materia di diritti umani.<\/p>\n<p style=\"text-align: justify;\">La <a href=\"https:\/\/www.esteri.it\/it\/sala_stampa\/archivionotizie\/approfondimenti\/2021\/12\/premio-cidu-per-i-diritti-umani\/\">cerimonia<\/a> del Premio CIDU Edizione 2020 &amp; 2021 si \u00e8 svolta il 10 dicembre 2021 presso l\u2019Auditorium del Museo dell\u2019Ara Pacis di Roma.<\/p>\n<p style=\"text-align: left;\"><img loading=\"lazy\" decoding=\"async\" class=\"aligncenter size-full wp-image-420 img-fluid\" src=\"https:\/\/cidu.esteri.it\/wp-content\/uploads\/2023\/11\/Premio-CIDU-per-i-Diritti-Umani-2020-21-new.jpg\" alt=\"Cerimonia di premiazione\" width=\"1600\" height=\"938\" srcset=\"https:\/\/cidu.esteri.it\/wp-content\/uploads\/2023\/11\/Premio-CIDU-per-i-Diritti-Umani-2020-21-new.jpg 1600w, https:\/\/cidu.esteri.it\/wp-content\/uploads\/2023\/11\/Premio-CIDU-per-i-Diritti-Umani-2020-21-new-300x176.jpg 300w, https:\/\/cidu.esteri.it\/wp-content\/uploads\/2023\/11\/Premio-CIDU-per-i-Diritti-Umani-2020-21-new-1024x600.jpg 1024w, https:\/\/cidu.esteri.it\/wp-content\/uploads\/2023\/11\/Premio-CIDU-per-i-Diritti-Umani-2020-21-new-768x450.jpg 768w\" sizes=\"auto, (max-width: 1600px) 100vw, 1600px\" \/><\/p>\n<p style=\"text-align: left;\"><em>Cerimonia di premiazione, 10 dicembre 2021<\/em><\/p>\n","protected":false},"excerpt":{"rendered":"Il CIDU ha istituito nel 2020 il Premio CIDU per i Diritti Umani (CIDU Human Rights Award) ai fini di valorizzare, anche sotto il profilo della comunicazione mediatica, il diffuso impegno in tema di tutela e promozione dei diritti umani nel nostro Paese, in linea con le stesse competenze del CIDU. Il Premio \u00e8 destinato [&hellip;]","protected":false},"author":1,"featured_media":420,"parent":15,"menu_order":18,"comment_status":"closed","ping_status":"closed","template":"","meta":{"footnotes":""},"class_list":["post-226","page","type-page","status-publish","has-post-thumbnail","hentry"],"_links":{"self":[{"href":"https:\/\/cidu.esteri.it\/it\/wp-json\/wp\/v2\/pages\/226","targetHints":{"allow":["GET"]}}],"collection":[{"href":"https:\/\/cidu.esteri.it\/it\/wp-json\/wp\/v2\/pages"}],"about":[{"href":"https:\/\/cidu.esteri.it\/it\/wp-json\/wp\/v2\/types\/page"}],"author":[{"embeddable":true,"href":"https:\/\/cidu.esteri.it\/it\/wp-json\/wp\/v2\/users\/1"}],"replies":[{"embeddable":true,"href":"https:\/\/cidu.esteri.it\/it\/wp-json\/wp\/v2\/comments?post=226"}],"version-history":[{"count":7,"href":"https:\/\/cidu.esteri.it\/it\/wp-json\/wp\/v2\/pages\/226\/revisions"}],"predecessor-version":[{"id":462,"href":"https:\/\/cidu.esteri.it\/it\/wp-json\/wp\/v2\/pages\/226\/revisions\/462"}],"up":[{"embeddable":true,"href":"https:\/\/cidu.esteri.it\/it\/wp-json\/wp\/v2\/pages\/15"}],"wp:featuredmedia":[{"embeddable":true,"href":"https:\/\/cidu.esteri.it\/it\/wp-json\/wp\/v2\/media\/420"}],"wp:attachment":[{"href":"https:\/\/cidu.esteri.it\/it\/wp-json\/wp\/v2\/media?parent=226"}],"curies":[{"name":"wp","href":"https:\/\/api.w.org\/{rel}","templated":true}]}}